{"id":573,"date":"2026-03-20T10:26:10","date_gmt":"2026-03-20T10:26:10","guid":{"rendered":"http:\/\/tv2artgallery.com\/paintings\/"},"modified":"2026-03-27T00:07:02","modified_gmt":"2026-03-27T00:07:02","slug":"paintings","status":"publish","type":"page","link":"http:\/\/tv2artgallery.com\/en\/paintings\/","title":{"rendered":"PAINTINGS"},"content":{"rendered":"\n<div class=\"wp-block-media-text is-stacked-on-mobile\"><figure class=\"wp-block-media-text__media\"><img loading=\"lazy\" decoding=\"async\" width=\"774\" height=\"1024\" src=\"http:\/\/tv2artgallery.com\/wp-content\/uploads\/2026\/03\/IMG_5220-774x1024.jpeg\" alt=\"\" class=\"wp-image-604 size-full\" srcset=\"http:\/\/tv2artgallery.com\/wp-content\/uploads\/2026\/03\/IMG_5220-774x1024.jpeg 774w, http:\/\/tv2artgallery.com\/wp-content\/uploads\/2026\/03\/IMG_5220-227x300.jpeg 227w, http:\/\/tv2artgallery.com\/wp-content\/uploads\/2026\/03\/IMG_5220-768x1016.jpeg 768w, http:\/\/tv2artgallery.com\/wp-content\/uploads\/2026\/03\/IMG_5220-1162x1536.jpeg 1162w, http:\/\/tv2artgallery.com\/wp-content\/uploads\/2026\/03\/IMG_5220-1549x2048.jpeg 1549w, http:\/\/tv2artgallery.com\/wp-content\/uploads\/2026\/03\/IMG_5220-9x12.jpeg 9w, http:\/\/tv2artgallery.com\/wp-content\/uploads\/2026\/03\/IMG_5220.jpeg 1908w\" sizes=\"auto, (max-width: 774px) 100vw, 774px\" \/><\/figure><div class=\"wp-block-media-text__content\">\n<p><strong>Title: Furnintu<\/strong><\/p>\n\n\n\n<p>Year: 2025<\/p>\n\n\n\n<p>Mis: 20 x 30 cm<\/p>\n\n\n\n<p>Technique: Acrylic on canvas \u2022<br>Description<br>&#8220;Furnintu&#8221; evokes the idea of \u200b\u200ba trousseau,<br>of a fitting, and of a dowry, symbols of a<br>predisposition toward the future rooted in the past.<br>The work plays with an iconography that seems<br>to almost emerge from embroidery or a domestic<br>decoration, transforming it into an abstract and<br>contemporary sign. It is a tribute to the attention to<br>detail and the sacredness of everyday life, where<br>acrylic becomes a material to narrate the resistance<br>of an identity that is passed down, &#8220;providing&#8221;<br>new generations with the tools of memory.<\/p>\n\n\n\n<p>Year: 2025<\/p>\n\n\n\n<p>Dimensions: 20 x 30 cm<\/p>\n<\/div><\/div>\n\n\n\n<div class=\"wp-block-media-text is-stacked-on-mobile\"><figure class=\"wp-block-media-text__media\"><img loading=\"lazy\" decoding=\"async\" width=\"1024\" height=\"1024\" src=\"http:\/\/tv2artgallery.com\/wp-content\/uploads\/2026\/03\/IMG_9156-2-1024x1024.jpeg\" alt=\"\" class=\"wp-image-609 size-full\" srcset=\"http:\/\/tv2artgallery.com\/wp-content\/uploads\/2026\/03\/IMG_9156-2-1024x1024.jpeg 1024w, http:\/\/tv2artgallery.com\/wp-content\/uploads\/2026\/03\/IMG_9156-2-300x300.jpeg 300w, http:\/\/tv2artgallery.com\/wp-content\/uploads\/2026\/03\/IMG_9156-2-150x150.jpeg 150w, http:\/\/tv2artgallery.com\/wp-content\/uploads\/2026\/03\/IMG_9156-2-768x768.jpeg 768w, http:\/\/tv2artgallery.com\/wp-content\/uploads\/2026\/03\/IMG_9156-2-1536x1536.jpeg 1536w, http:\/\/tv2artgallery.com\/wp-content\/uploads\/2026\/03\/IMG_9156-2-12x12.jpeg 12w, http:\/\/tv2artgallery.com\/wp-content\/uploads\/2026\/03\/IMG_9156-2.jpeg 1736w\" sizes=\"auto, (max-width: 1024px) 100vw, 1024px\" \/><\/figure><div class=\"wp-block-media-text__content\">\n<p><strong>Title: There is peace! &#8220;<\/strong><\/p>\n\n\n\n<p> In reference to the great peace gathering of the powerful in Gaza. They try to heal the wound of the people by saying: &#8220;There is peace! There is peace! When there is no peace! Are they ashamed of all this? They feel no shame, they don&#8217;t even know what shame is.<\/p>\n<\/div><\/div>\n\n\n\n<div class=\"wp-block-media-text is-stacked-on-mobile\" style=\"grid-template-columns:46% auto\"><figure class=\"wp-block-media-text__media\"><img loading=\"lazy\" decoding=\"async\" width=\"454\" height=\"1024\" src=\"http:\/\/tv2artgallery.com\/wp-content\/uploads\/2026\/03\/01b92eaf-73f0-4820-8daf-4f3b1deb0759-1-1-454x1024.jpeg\" alt=\"\" class=\"wp-image-632 size-full\" srcset=\"http:\/\/tv2artgallery.com\/wp-content\/uploads\/2026\/03\/01b92eaf-73f0-4820-8daf-4f3b1deb0759-1-1-454x1024.jpeg 454w, http:\/\/tv2artgallery.com\/wp-content\/uploads\/2026\/03\/01b92eaf-73f0-4820-8daf-4f3b1deb0759-1-1-133x300.jpeg 133w, http:\/\/tv2artgallery.com\/wp-content\/uploads\/2026\/03\/01b92eaf-73f0-4820-8daf-4f3b1deb0759-1-1-768x1734.jpeg 768w, http:\/\/tv2artgallery.com\/wp-content\/uploads\/2026\/03\/01b92eaf-73f0-4820-8daf-4f3b1deb0759-1-1-5x12.jpeg 5w, http:\/\/tv2artgallery.com\/wp-content\/uploads\/2026\/03\/01b92eaf-73f0-4820-8daf-4f3b1deb0759-1-1.jpeg 907w\" sizes=\"auto, (max-width: 454px) 100vw, 454px\" \/><\/figure><div class=\"wp-block-media-text__content\">\n<p><strong>Title<\/strong>: <strong>Where is the music going?<\/strong><\/p>\n\n\n\n<p>200 x 67 cm. <\/p>\n\n\n\n<p>A rhetorical question asked of me some time ago by a great conductor, concerned about the evolving situation in the music world. Since then, no answers have yet been found.<\/p>\n\n\n\n<p><\/p>\n<\/div><\/div>\n\n\n\n<div class=\"wp-block-media-text is-stacked-on-mobile\"><figure class=\"wp-block-media-text__media\"><img loading=\"lazy\" decoding=\"async\" width=\"763\" height=\"1024\" src=\"http:\/\/tv2artgallery.com\/wp-content\/uploads\/2026\/03\/IMG_8309-1-763x1024.jpeg\" alt=\"\" class=\"wp-image-611 size-full\" srcset=\"http:\/\/tv2artgallery.com\/wp-content\/uploads\/2026\/03\/IMG_8309-1-763x1024.jpeg 763w, http:\/\/tv2artgallery.com\/wp-content\/uploads\/2026\/03\/IMG_8309-1-224x300.jpeg 224w, http:\/\/tv2artgallery.com\/wp-content\/uploads\/2026\/03\/IMG_8309-1-768x1031.jpeg 768w, http:\/\/tv2artgallery.com\/wp-content\/uploads\/2026\/03\/IMG_8309-1-1145x1536.jpeg 1145w, http:\/\/tv2artgallery.com\/wp-content\/uploads\/2026\/03\/IMG_8309-1-9x12.jpeg 9w, http:\/\/tv2artgallery.com\/wp-content\/uploads\/2026\/03\/IMG_8309-1.jpeg 1526w\" sizes=\"auto, (max-width: 763px) 100vw, 763px\" \/><\/figure><div class=\"wp-block-media-text__content\">\n<p><strong>Title: Lo spazio dell\u2019inferno<\/strong><\/p>\n\n\n\n<p>Titolo: Lo spazio dell\u2019inferno<br>Dimensioni: 80 x 60 cm<br>Tecnica: Acrilico, matita e pastello su tela<\/p>\n\n\n\n<p>Vivo per morire<br>Senza preavviso<br>Nessun cartello<br>Come un bidello<br>Nella bocca<br>Di un leone<br>Spazzo foglie<br>Con poche parole<br>Spingendo l&#8217;orgoglio<br>Sul baratro di un orlo<br>Mio candido amore<br>Ricamato dall\u2019anima<br>Delle dune di vetro<br>Alla ricerca<br>Dei cuori di cemento<br>Il buio ormai<br>\u00c8 fuori di testa<br>Alzi la mano<br>Chi si presenta<br>Come maestro di tutti<br>E poi forse<br>Di se stesso<br>Come coriandoli<br>Cadiamo<br>Dal cielo immenso<br>Dell&#8217;universo.<\/p>\n<\/div><\/div>\n\n\n\n<ul class=\"wp-block-list\">\n<li><\/li>\n<\/ul>\n\n\n\n<div class=\"wp-block-media-text is-stacked-on-mobile\"><figure class=\"wp-block-media-text__media\"><img loading=\"lazy\" decoding=\"async\" width=\"1024\" height=\"995\" src=\"http:\/\/tv2artgallery.com\/wp-content\/uploads\/2026\/03\/Sguardo-celeste-1024x995.jpg\" alt=\"\" class=\"wp-image-614 size-full\" srcset=\"http:\/\/tv2artgallery.com\/wp-content\/uploads\/2026\/03\/Sguardo-celeste-1024x995.jpg 1024w, http:\/\/tv2artgallery.com\/wp-content\/uploads\/2026\/03\/Sguardo-celeste-300x292.jpg 300w, http:\/\/tv2artgallery.com\/wp-content\/uploads\/2026\/03\/Sguardo-celeste-768x747.jpg 768w, http:\/\/tv2artgallery.com\/wp-content\/uploads\/2026\/03\/Sguardo-celeste-1536x1493.jpg 1536w, http:\/\/tv2artgallery.com\/wp-content\/uploads\/2026\/03\/Sguardo-celeste-12x12.jpg 12w, http:\/\/tv2artgallery.com\/wp-content\/uploads\/2026\/03\/Sguardo-celeste.jpg 2008w\" sizes=\"auto, (max-width: 1024px) 100vw, 1024px\" \/><\/figure><div class=\"wp-block-media-text__content\">\n<p><strong>Title<\/strong>:<strong>Sguardo celeste<\/strong><\/p>\n\n\n\n<p>Titolo: Sguardo celeste<br>Dimensioni: 40 x 40 cm<br>Tecnica: Acrilico e pastello su tela<\/p>\n\n\n\n<p>Delicato \u00e8 il suo volto<br>Come l&#8217;acqua che scorre<br>Dolcemente sulle forme<br>Della nostra esistenza<br>Lei \u00e8 la magica luna<br>Del cielo che ammanta<br>Il mio piccolo universo<br>Senza di lei<br>Mi sentirei perso<br>Soave \u00e8 la luce<br>Del suo sguardo celeste<br>Senza di esso<br>Non esisterebbe<br>L&#8217;emozione di un amore<br>Lontano e diverso come<br>Una stella e la sua terra.<\/p>\n\n\n\n<p><\/p>\n<\/div><\/div>\n\n\n\n<div class=\"wp-block-media-text is-stacked-on-mobile\"><figure class=\"wp-block-media-text__media\"><img loading=\"lazy\" decoding=\"async\" width=\"1024\" height=\"710\" src=\"http:\/\/tv2artgallery.com\/wp-content\/uploads\/2026\/03\/IMG_2663-1024x710.jpeg\" alt=\"\" class=\"wp-image-616 size-full\" srcset=\"http:\/\/tv2artgallery.com\/wp-content\/uploads\/2026\/03\/IMG_2663-1024x710.jpeg 1024w, http:\/\/tv2artgallery.com\/wp-content\/uploads\/2026\/03\/IMG_2663-300x208.jpeg 300w, http:\/\/tv2artgallery.com\/wp-content\/uploads\/2026\/03\/IMG_2663-768x533.jpeg 768w, http:\/\/tv2artgallery.com\/wp-content\/uploads\/2026\/03\/IMG_2663-1536x1065.jpeg 1536w, http:\/\/tv2artgallery.com\/wp-content\/uploads\/2026\/03\/IMG_2663-2048x1420.jpeg 2048w, http:\/\/tv2artgallery.com\/wp-content\/uploads\/2026\/03\/IMG_2663-18x12.jpeg 18w\" sizes=\"auto, (max-width: 1024px) 100vw, 1024px\" \/><\/figure><div class=\"wp-block-media-text__content\">\n<p><strong>Title: Ancestral Flight<\/strong><\/p>\n\n\n\n<p>Mis: 120 x 100 cm<\/p>\n\n\n\n<p>Technique: Acrylic and mixed media on canvas<\/p>\n\n\n\n<p>Meaning: The work explores the profound connection<br>between ancestral roots and the concept of freedom and<br>transcendence. It represents a spiritual<br>journey that connects the collective past with<br>the movement toward the future, symbolized by<br>dynamic forms that recall flight and the<br>elevation of the soul. Past and Present<\/p>\n<\/div><\/div>\n\n\n\n<div class=\"wp-block-media-text is-stacked-on-mobile\"><figure class=\"wp-block-media-text__media\"><img loading=\"lazy\" decoding=\"async\" width=\"1024\" height=\"908\" src=\"http:\/\/tv2artgallery.com\/wp-content\/uploads\/2026\/03\/ba46a307-773d-4b3b-ac26-deee39c630ea-1-2-1024x908.jpeg\" alt=\"\" class=\"wp-image-618 size-full\" srcset=\"http:\/\/tv2artgallery.com\/wp-content\/uploads\/2026\/03\/ba46a307-773d-4b3b-ac26-deee39c630ea-1-2-1024x908.jpeg 1024w, http:\/\/tv2artgallery.com\/wp-content\/uploads\/2026\/03\/ba46a307-773d-4b3b-ac26-deee39c630ea-1-2-300x266.jpeg 300w, http:\/\/tv2artgallery.com\/wp-content\/uploads\/2026\/03\/ba46a307-773d-4b3b-ac26-deee39c630ea-1-2-768x681.jpeg 768w, http:\/\/tv2artgallery.com\/wp-content\/uploads\/2026\/03\/ba46a307-773d-4b3b-ac26-deee39c630ea-1-2-1536x1362.jpeg 1536w, http:\/\/tv2artgallery.com\/wp-content\/uploads\/2026\/03\/ba46a307-773d-4b3b-ac26-deee39c630ea-1-2-14x12.jpeg 14w, http:\/\/tv2artgallery.com\/wp-content\/uploads\/2026\/03\/ba46a307-773d-4b3b-ac26-deee39c630ea-1-2.jpeg 1600w\" sizes=\"auto, (max-width: 1024px) 100vw, 1024px\" \/><\/figure><div class=\"wp-block-media-text__content\">\n<p><strong>Title:<\/strong> <strong>Infiniti cieli<\/strong><\/p>\n\n\n\n<p>Acrylic on panel<\/p>\n\n\n\n<p>Mis 50&#215;50 cm<\/p>\n<\/div><\/div>\n\n\n\n<div class=\"wp-block-media-text is-stacked-on-mobile\"><figure class=\"wp-block-media-text__media\"><img loading=\"lazy\" decoding=\"async\" width=\"715\" height=\"1024\" src=\"http:\/\/tv2artgallery.com\/wp-content\/uploads\/2026\/03\/La-luce-di-una-stella-2-715x1024.jpg\" alt=\"\" class=\"wp-image-619 size-full\" srcset=\"http:\/\/tv2artgallery.com\/wp-content\/uploads\/2026\/03\/La-luce-di-una-stella-2-715x1024.jpg 715w, http:\/\/tv2artgallery.com\/wp-content\/uploads\/2026\/03\/La-luce-di-una-stella-2-209x300.jpg 209w, http:\/\/tv2artgallery.com\/wp-content\/uploads\/2026\/03\/La-luce-di-una-stella-2-768x1101.jpg 768w, http:\/\/tv2artgallery.com\/wp-content\/uploads\/2026\/03\/La-luce-di-una-stella-2-1072x1536.jpg 1072w, http:\/\/tv2artgallery.com\/wp-content\/uploads\/2026\/03\/La-luce-di-una-stella-2-8x12.jpg 8w, http:\/\/tv2artgallery.com\/wp-content\/uploads\/2026\/03\/La-luce-di-una-stella-2.jpg 1164w\" sizes=\"auto, (max-width: 715px) 100vw, 715px\" \/><\/figure><div class=\"wp-block-media-text__content\">\n<p><strong>Title<\/strong>: <strong>La luce di una stella<\/strong><\/p>\n\n\n\n<p>Lei era l\u00ec<br>Come tutti i giorni<br>Camminava<br>A passi lenti<br>Senza guardarsi<br>Intorno<br>Aspettava un cenno<br>Una carezza<br>Il fruscio del vento<br>Nel magico silenzio<br>Ma era distante<br>Troppo distante<br>Dal mio desiderio<br>Cos\u00ec rimasi fermo<br>A osservare incantato<br>La sua muta bellezza<br>La luce di una stella<br>Sulla faccia della terra.<\/p>\n\n\n\n<p> 42 x 29.7 cm<br>Technique: Oil pastel on paper<\/p>\n\n\n\n<p> <\/p>\n\n\n\n<p><\/p>\n<\/div><\/div>\n\n\n\n<div class=\"wp-block-media-text is-stacked-on-mobile\"><figure class=\"wp-block-media-text__media\"><img loading=\"lazy\" decoding=\"async\" width=\"1024\" height=\"768\" src=\"http:\/\/tv2artgallery.com\/wp-content\/uploads\/2026\/03\/20220521_133617-1-2-1024x768.jpg\" alt=\"\" class=\"wp-image-620 size-full\" srcset=\"http:\/\/tv2artgallery.com\/wp-content\/uploads\/2026\/03\/20220521_133617-1-2-1024x768.jpg 1024w, http:\/\/tv2artgallery.com\/wp-content\/uploads\/2026\/03\/20220521_133617-1-2-300x225.jpg 300w, http:\/\/tv2artgallery.com\/wp-content\/uploads\/2026\/03\/20220521_133617-1-2-768x576.jpg 768w, http:\/\/tv2artgallery.com\/wp-content\/uploads\/2026\/03\/20220521_133617-1-2-1536x1152.jpg 1536w, http:\/\/tv2artgallery.com\/wp-content\/uploads\/2026\/03\/20220521_133617-1-2-2048x1536.jpg 2048w, http:\/\/tv2artgallery.com\/wp-content\/uploads\/2026\/03\/20220521_133617-1-2-16x12.jpg 16w\" sizes=\"auto, (max-width: 1024px) 100vw, 1024px\" \/><\/figure><div class=\"wp-block-media-text__content\">\n<p><\/p>\n<\/div><\/div>\n\n\n\n<div class=\"wp-block-media-text is-stacked-on-mobile\"><figure class=\"wp-block-media-text__media\"><img loading=\"lazy\" decoding=\"async\" width=\"1024\" height=\"700\" src=\"http:\/\/tv2artgallery.com\/wp-content\/uploads\/2026\/03\/IMG_5282-1-1024x700.jpeg\" alt=\"\" class=\"wp-image-627 size-full\" srcset=\"http:\/\/tv2artgallery.com\/wp-content\/uploads\/2026\/03\/IMG_5282-1-1024x700.jpeg 1024w, http:\/\/tv2artgallery.com\/wp-content\/uploads\/2026\/03\/IMG_5282-1-300x205.jpeg 300w, http:\/\/tv2artgallery.com\/wp-content\/uploads\/2026\/03\/IMG_5282-1-768x525.jpeg 768w, http:\/\/tv2artgallery.com\/wp-content\/uploads\/2026\/03\/IMG_5282-1-18x12.jpeg 18w, http:\/\/tv2artgallery.com\/wp-content\/uploads\/2026\/03\/IMG_5282-1.jpeg 1095w\" sizes=\"auto, (max-width: 1024px) 100vw, 1024px\" \/><\/figure><div class=\"wp-block-media-text__content\">\n<p><\/p>\n<\/div><\/div>\n\n\n\n<div class=\"wp-block-media-text is-stacked-on-mobile\"><figure class=\"wp-block-media-text__media\"><img loading=\"lazy\" decoding=\"async\" width=\"1024\" height=\"825\" src=\"http:\/\/tv2artgallery.com\/wp-content\/uploads\/2026\/03\/unnamed-1-2-1024x825.jpg\" alt=\"\" class=\"wp-image-621 size-full\" srcset=\"http:\/\/tv2artgallery.com\/wp-content\/uploads\/2026\/03\/unnamed-1-2-1024x825.jpg 1024w, http:\/\/tv2artgallery.com\/wp-content\/uploads\/2026\/03\/unnamed-1-2-300x242.jpg 300w, http:\/\/tv2artgallery.com\/wp-content\/uploads\/2026\/03\/unnamed-1-2-768x619.jpg 768w, http:\/\/tv2artgallery.com\/wp-content\/uploads\/2026\/03\/unnamed-1-2-15x12.jpg 15w, http:\/\/tv2artgallery.com\/wp-content\/uploads\/2026\/03\/unnamed-1-2.jpg 1290w\" sizes=\"auto, (max-width: 1024px) 100vw, 1024px\" \/><\/figure><div class=\"wp-block-media-text__content\">\n<p><strong>Title<\/strong>:<strong>3 Planets<\/strong><\/p>\n\n\n\n<p>Acrylic on panel<\/p>\n\n\n\n<p>60x50cm<\/p>\n<\/div><\/div>\n\n\n\n<div class=\"wp-block-media-text is-stacked-on-mobile\"><figure class=\"wp-block-media-text__media\"><img loading=\"lazy\" decoding=\"async\" width=\"709\" height=\"1024\" src=\"http:\/\/tv2artgallery.com\/wp-content\/uploads\/2026\/03\/b6fe3435-d73e-49fd-8f4d-c720c0fd559b-2-709x1024.jpeg\" alt=\"\" class=\"wp-image-622 size-full\" srcset=\"http:\/\/tv2artgallery.com\/wp-content\/uploads\/2026\/03\/b6fe3435-d73e-49fd-8f4d-c720c0fd559b-2-709x1024.jpeg 709w, http:\/\/tv2artgallery.com\/wp-content\/uploads\/2026\/03\/b6fe3435-d73e-49fd-8f4d-c720c0fd559b-2-208x300.jpeg 208w, http:\/\/tv2artgallery.com\/wp-content\/uploads\/2026\/03\/b6fe3435-d73e-49fd-8f4d-c720c0fd559b-2-768x1109.jpeg 768w, http:\/\/tv2artgallery.com\/wp-content\/uploads\/2026\/03\/b6fe3435-d73e-49fd-8f4d-c720c0fd559b-2-1064x1536.jpeg 1064w, http:\/\/tv2artgallery.com\/wp-content\/uploads\/2026\/03\/b6fe3435-d73e-49fd-8f4d-c720c0fd559b-2-8x12.jpeg 8w, http:\/\/tv2artgallery.com\/wp-content\/uploads\/2026\/03\/b6fe3435-d73e-49fd-8f4d-c720c0fd559b-2.jpeg 1089w\" sizes=\"auto, (max-width: 709px) 100vw, 709px\" \/><\/figure><div class=\"wp-block-media-text__content\">\n<p><\/p>\n<\/div><\/div>\n\n\n\n<figure class=\"wp-block-image size-large is-resized\"><img loading=\"lazy\" decoding=\"async\" width=\"481\" height=\"1024\" src=\"http:\/\/tv2artgallery.com\/wp-content\/uploads\/2026\/03\/6c3af18a-d83d-4297-901b-0ddf5c6ad565-3-481x1024.jpeg\" alt=\"\" class=\"wp-image-477\" style=\"width:359px;height:auto\" srcset=\"http:\/\/tv2artgallery.com\/wp-content\/uploads\/2026\/03\/6c3af18a-d83d-4297-901b-0ddf5c6ad565-3-481x1024.jpeg 481w, http:\/\/tv2artgallery.com\/wp-content\/uploads\/2026\/03\/6c3af18a-d83d-4297-901b-0ddf5c6ad565-3-141x300.jpeg 141w, http:\/\/tv2artgallery.com\/wp-content\/uploads\/2026\/03\/6c3af18a-d83d-4297-901b-0ddf5c6ad565-3-721x1536.jpeg 721w, http:\/\/tv2artgallery.com\/wp-content\/uploads\/2026\/03\/6c3af18a-d83d-4297-901b-0ddf5c6ad565-3-6x12.jpeg 6w, http:\/\/tv2artgallery.com\/wp-content\/uploads\/2026\/03\/6c3af18a-d83d-4297-901b-0ddf5c6ad565-3.jpeg 751w\" sizes=\"auto, (max-width: 481px) 100vw, 481px\" \/><\/figure>\n\n\n\n<div class=\"wp-block-media-text is-stacked-on-mobile\"><figure class=\"wp-block-media-text__media\"><img loading=\"lazy\" decoding=\"async\" width=\"950\" height=\"1024\" src=\"http:\/\/tv2artgallery.com\/wp-content\/uploads\/2026\/03\/21c85f4e-40fc-4e5d-bde3-df51f9085b9b-950x1024.jpeg\" alt=\"\" class=\"wp-image-484 size-full\" srcset=\"http:\/\/tv2artgallery.com\/wp-content\/uploads\/2026\/03\/21c85f4e-40fc-4e5d-bde3-df51f9085b9b-950x1024.jpeg 950w, http:\/\/tv2artgallery.com\/wp-content\/uploads\/2026\/03\/21c85f4e-40fc-4e5d-bde3-df51f9085b9b-278x300.jpeg 278w, http:\/\/tv2artgallery.com\/wp-content\/uploads\/2026\/03\/21c85f4e-40fc-4e5d-bde3-df51f9085b9b-768x828.jpeg 768w, http:\/\/tv2artgallery.com\/wp-content\/uploads\/2026\/03\/21c85f4e-40fc-4e5d-bde3-df51f9085b9b-1425x1536.jpeg 1425w, http:\/\/tv2artgallery.com\/wp-content\/uploads\/2026\/03\/21c85f4e-40fc-4e5d-bde3-df51f9085b9b-11x12.jpeg 11w, http:\/\/tv2artgallery.com\/wp-content\/uploads\/2026\/03\/21c85f4e-40fc-4e5d-bde3-df51f9085b9b.jpeg 1900w\" sizes=\"auto, (max-width: 950px) 100vw, 950px\" \/><\/figure><div class=\"wp-block-media-text__content\">\n<p><\/p>\n<\/div><\/div>\n\n\n\n<div class=\"wp-block-media-text is-stacked-on-mobile\"><figure class=\"wp-block-media-text__media\"><img loading=\"lazy\" decoding=\"async\" width=\"721\" height=\"546\" src=\"http:\/\/tv2artgallery.com\/wp-content\/uploads\/2026\/03\/unnamed-1-3.jpg\" alt=\"\" class=\"wp-image-623 size-full\" srcset=\"http:\/\/tv2artgallery.com\/wp-content\/uploads\/2026\/03\/unnamed-1-3.jpg 721w, http:\/\/tv2artgallery.com\/wp-content\/uploads\/2026\/03\/unnamed-1-3-300x227.jpg 300w, http:\/\/tv2artgallery.com\/wp-content\/uploads\/2026\/03\/unnamed-1-3-16x12.jpg 16w\" sizes=\"auto, (max-width: 721px) 100vw, 721px\" \/><\/figure><div class=\"wp-block-media-text__content\">\n<p><\/p>\n<\/div><\/div>\n\n\n\n<div class=\"wp-block-media-text is-stacked-on-mobile\"><figure class=\"wp-block-media-text__media\"><img loading=\"lazy\" decoding=\"async\" width=\"768\" height=\"1024\" src=\"http:\/\/tv2artgallery.com\/wp-content\/uploads\/2026\/03\/63550e52-0501-4e37-95db-7ee93e5341c7-1-768x1024.jpeg\" alt=\"\" class=\"wp-image-625 size-full\" srcset=\"http:\/\/tv2artgallery.com\/wp-content\/uploads\/2026\/03\/63550e52-0501-4e37-95db-7ee93e5341c7-1-768x1024.jpeg 768w, http:\/\/tv2artgallery.com\/wp-content\/uploads\/2026\/03\/63550e52-0501-4e37-95db-7ee93e5341c7-1-225x300.jpeg 225w, http:\/\/tv2artgallery.com\/wp-content\/uploads\/2026\/03\/63550e52-0501-4e37-95db-7ee93e5341c7-1-1152x1536.jpeg 1152w, http:\/\/tv2artgallery.com\/wp-content\/uploads\/2026\/03\/63550e52-0501-4e37-95db-7ee93e5341c7-1-9x12.jpeg 9w, http:\/\/tv2artgallery.com\/wp-content\/uploads\/2026\/03\/63550e52-0501-4e37-95db-7ee93e5341c7-1.jpeg 1200w\" sizes=\"auto, (max-width: 768px) 100vw, 768px\" \/><\/figure><div class=\"wp-block-media-text__content\">\n<p>Tu 6 dedicato a tutte le donne<\/p>\n\n\n\n<p>Acrylic on panel<\/p>\n\n\n\n<p>50x50cm<\/p>\n<\/div><\/div>\n\n\n\n<div class=\"wp-block-media-text is-stacked-on-mobile\"><figure class=\"wp-block-media-text__media\"><img loading=\"lazy\" decoding=\"async\" width=\"396\" height=\"1024\" src=\"http:\/\/tv2artgallery.com\/wp-content\/uploads\/2026\/03\/9abc2bba-840b-4baf-b391-ea8afb8a2d3e-1-396x1024.jpeg\" alt=\"\" class=\"wp-image-631 size-full\" srcset=\"http:\/\/tv2artgallery.com\/wp-content\/uploads\/2026\/03\/9abc2bba-840b-4baf-b391-ea8afb8a2d3e-1-396x1024.jpeg 396w, http:\/\/tv2artgallery.com\/wp-content\/uploads\/2026\/03\/9abc2bba-840b-4baf-b391-ea8afb8a2d3e-1-116x300.jpeg 116w, http:\/\/tv2artgallery.com\/wp-content\/uploads\/2026\/03\/9abc2bba-840b-4baf-b391-ea8afb8a2d3e-1-5x12.jpeg 5w, http:\/\/tv2artgallery.com\/wp-content\/uploads\/2026\/03\/9abc2bba-840b-4baf-b391-ea8afb8a2d3e-1.jpeg 636w\" sizes=\"auto, (max-width: 396px) 100vw, 396px\" \/><\/figure><div class=\"wp-block-media-text__content\">\n<p><strong>Where is the music going? <\/strong><\/p>\n\n\n\n<p>200 x 67 cm. <\/p>\n\n\n\n<p>A rhetorical question asked of me some time ago by a great conductor, concerned about the evolving situation in the music world. Since then, no answers have yet been found.<\/p>\n<\/div><\/div>\n","protected":false},"excerpt":{"rendered":"<p>Title: Furnintu Year: 2025 Mis: 20 x 30 cm Technique: Acrylic on canvas \u2022Description&#8220;Furnintu&#8221; evokes the idea of \u200b\u200ba trousseau,of a fitting, and of a dowry, symbols of apredisposition toward the future rooted in the past.The work plays with an iconography that seemsto almost emerge from embroidery or a domesticdecoration, transforming it into an abstract [&hellip;]<\/p>\n","protected":false},"author":1,"featured_media":0,"parent":0,"menu_order":0,"comment_status":"closed","ping_status":"closed","template":"","meta":{"footnotes":""},"class_list":["post-573","page","type-page","status-publish","hentry"],"yoast_head":"<!-- This site is optimized with the Yoast SEO plugin v27.1.1 - https:\/\/yoast.com\/product\/yoast-seo-wordpress\/ -->\n<title>PAINTINGS - TV2 Art Gallery<\/title>\n<meta name=\"robots\" content=\"index, follow, max-snippet:-1, max-image-preview:large, max-video-preview:-1\" \/>\n<link rel=\"canonical\" href=\"http:\/\/tv2artgallery.com\/en\/paintings\/\" \/>\n<meta property=\"og:locale\" content=\"en_GB\" \/>\n<meta property=\"og:type\" content=\"article\" \/>\n<meta property=\"og:title\" content=\"PAINTINGS - TV2 Art Gallery\" \/>\n<meta property=\"og:description\" content=\"Title: Furnintu Year: 2025 Mis: 20 x 30 cm Technique: Acrylic on canvas \u2022Description&#8220;Furnintu&#8221; evokes the idea of \u200b\u200ba trousseau,of a fitting, and of a dowry, symbols of apredisposition toward the future rooted in the past.The work plays with an iconography that seemsto almost emerge from embroidery or a domesticdecoration, transforming it into an abstract [&hellip;]\" \/>\n<meta property=\"og:url\" content=\"http:\/\/tv2artgallery.com\/en\/paintings\/\" \/>\n<meta property=\"og:site_name\" content=\"TV2 Art Gallery\" \/>\n<meta property=\"article:publisher\" content=\"https:\/\/www.facebook.com\/share\/18VnSnkrye\/?mibextid=wwXIfr\" \/>\n<meta property=\"article:modified_time\" content=\"2026-03-27T00:07:02+00:00\" \/>\n<meta property=\"og:image\" content=\"http:\/\/tv2artgallery.com\/wp-content\/uploads\/2026\/03\/IMG_5220-774x1024.jpeg\" \/>\n<meta name=\"twitter:card\" content=\"summary_large_image\" \/>\n<meta name=\"twitter:label1\" content=\"Estimated reading time\" \/>\n\t<meta name=\"twitter:data1\" content=\"7 minutes\" \/>\n<script type=\"application\/ld+json\" class=\"yoast-schema-graph\">{\"@context\":\"https:\/\/schema.org\",\"@graph\":[{\"@type\":\"WebPage\",\"@id\":\"http:\/\/tv2artgallery.com\/en\/paintings\/\",\"url\":\"http:\/\/tv2artgallery.com\/en\/paintings\/\",\"name\":\"PAINTINGS - TV2 Art Gallery\",\"isPartOf\":{\"@id\":\"https:\/\/tv2artgallery.com\/en\/#website\"},\"primaryImageOfPage\":{\"@id\":\"http:\/\/tv2artgallery.com\/en\/paintings\/#primaryimage\"},\"image\":{\"@id\":\"http:\/\/tv2artgallery.com\/en\/paintings\/#primaryimage\"},\"thumbnailUrl\":\"http:\/\/tv2artgallery.com\/wp-content\/uploads\/2026\/03\/IMG_5220-774x1024.jpeg\",\"datePublished\":\"2026-03-20T10:26:10+00:00\",\"dateModified\":\"2026-03-27T00:07:02+00:00\",\"breadcrumb\":{\"@id\":\"http:\/\/tv2artgallery.com\/en\/paintings\/#breadcrumb\"},\"inLanguage\":\"en-GB\",\"potentialAction\":[{\"@type\":\"ReadAction\",\"target\":[\"http:\/\/tv2artgallery.com\/en\/paintings\/\"]}]},{\"@type\":\"ImageObject\",\"inLanguage\":\"en-GB\",\"@id\":\"http:\/\/tv2artgallery.com\/en\/paintings\/#primaryimage\",\"url\":\"http:\/\/tv2artgallery.com\/wp-content\/uploads\/2026\/03\/IMG_5220-774x1024.jpeg\",\"contentUrl\":\"http:\/\/tv2artgallery.com\/wp-content\/uploads\/2026\/03\/IMG_5220-774x1024.jpeg\"},{\"@type\":\"BreadcrumbList\",\"@id\":\"http:\/\/tv2artgallery.com\/en\/paintings\/#breadcrumb\",\"itemListElement\":[{\"@type\":\"ListItem\",\"position\":1,\"name\":\"Home\",\"item\":\"http:\/\/tv2artgallery.com\/it\/\"},{\"@type\":\"ListItem\",\"position\":2,\"name\":\"PAINTINGS\"}]},{\"@type\":\"WebSite\",\"@id\":\"https:\/\/tv2artgallery.com\/en\/#website\",\"url\":\"https:\/\/tv2artgallery.com\/en\/\",\"name\":\"TV2 Art Gallery\",\"description\":\"\",\"publisher\":{\"@id\":\"https:\/\/tv2artgallery.com\/en\/#organization\"},\"potentialAction\":[{\"@type\":\"SearchAction\",\"target\":{\"@type\":\"EntryPoint\",\"urlTemplate\":\"https:\/\/tv2artgallery.com\/en\/?s={search_term_string}\"},\"query-input\":{\"@type\":\"PropertyValueSpecification\",\"valueRequired\":true,\"valueName\":\"search_term_string\"}}],\"inLanguage\":\"en-GB\"},{\"@type\":\"Organization\",\"@id\":\"https:\/\/tv2artgallery.com\/en\/#organization\",\"name\":\"TV2 Art Gallery\",\"url\":\"https:\/\/tv2artgallery.com\/en\/\",\"logo\":{\"@type\":\"ImageObject\",\"inLanguage\":\"en-GB\",\"@id\":\"https:\/\/tv2artgallery.com\/en\/#\/schema\/logo\/image\/\",\"url\":\"https:\/\/tv2artgallery.com\/wp-content\/uploads\/2026\/03\/IMG_6867.jpeg\",\"contentUrl\":\"https:\/\/tv2artgallery.com\/wp-content\/uploads\/2026\/03\/IMG_6867.jpeg\",\"width\":1149,\"height\":328,\"caption\":\"TV2 Art Gallery\"},\"image\":{\"@id\":\"https:\/\/tv2artgallery.com\/en\/#\/schema\/logo\/image\/\"},\"sameAs\":[\"https:\/\/www.facebook.com\/share\/18VnSnkrye\/?mibextid=wwXIfr\",\"https:\/\/www.instagram.com\/tv2_art_gallery?igsh=dXg4NWV0OTF4OTJ0&utm_source=qr\"]}]}<\/script>\n<!-- \/ Yoast SEO plugin. -->","yoast_head_json":{"title":"PAINTINGS - TV2 Art Gallery","robots":{"index":"index","follow":"follow","max-snippet":"max-snippet:-1","max-image-preview":"max-image-preview:large","max-video-preview":"max-video-preview:-1"},"canonical":"http:\/\/tv2artgallery.com\/en\/paintings\/","og_locale":"en_GB","og_type":"article","og_title":"PAINTINGS - TV2 Art Gallery","og_description":"Title: Furnintu Year: 2025 Mis: 20 x 30 cm Technique: Acrylic on canvas \u2022Description&#8220;Furnintu&#8221; evokes the idea of \u200b\u200ba trousseau,of a fitting, and of a dowry, symbols of apredisposition toward the future rooted in the past.The work plays with an iconography that seemsto almost emerge from embroidery or a domesticdecoration, transforming it into an abstract [&hellip;]","og_url":"http:\/\/tv2artgallery.com\/en\/paintings\/","og_site_name":"TV2 Art Gallery","article_publisher":"https:\/\/www.facebook.com\/share\/18VnSnkrye\/?mibextid=wwXIfr","article_modified_time":"2026-03-27T00:07:02+00:00","og_image":[{"url":"http:\/\/tv2artgallery.com\/wp-content\/uploads\/2026\/03\/IMG_5220-774x1024.jpeg","type":"","width":"","height":""}],"twitter_card":"summary_large_image","twitter_misc":{"Estimated reading time":"7 minutes"},"schema":{"@context":"https:\/\/schema.org","@graph":[{"@type":"WebPage","@id":"http:\/\/tv2artgallery.com\/en\/paintings\/","url":"http:\/\/tv2artgallery.com\/en\/paintings\/","name":"PAINTINGS - TV2 Art Gallery","isPartOf":{"@id":"https:\/\/tv2artgallery.com\/en\/#website"},"primaryImageOfPage":{"@id":"http:\/\/tv2artgallery.com\/en\/paintings\/#primaryimage"},"image":{"@id":"http:\/\/tv2artgallery.com\/en\/paintings\/#primaryimage"},"thumbnailUrl":"http:\/\/tv2artgallery.com\/wp-content\/uploads\/2026\/03\/IMG_5220-774x1024.jpeg","datePublished":"2026-03-20T10:26:10+00:00","dateModified":"2026-03-27T00:07:02+00:00","breadcrumb":{"@id":"http:\/\/tv2artgallery.com\/en\/paintings\/#breadcrumb"},"inLanguage":"en-GB","potentialAction":[{"@type":"ReadAction","target":["http:\/\/tv2artgallery.com\/en\/paintings\/"]}]},{"@type":"ImageObject","inLanguage":"en-GB","@id":"http:\/\/tv2artgallery.com\/en\/paintings\/#primaryimage","url":"http:\/\/tv2artgallery.com\/wp-content\/uploads\/2026\/03\/IMG_5220-774x1024.jpeg","contentUrl":"http:\/\/tv2artgallery.com\/wp-content\/uploads\/2026\/03\/IMG_5220-774x1024.jpeg"},{"@type":"BreadcrumbList","@id":"http:\/\/tv2artgallery.com\/en\/paintings\/#breadcrumb","itemListElement":[{"@type":"ListItem","position":1,"name":"Home","item":"http:\/\/tv2artgallery.com\/it\/"},{"@type":"ListItem","position":2,"name":"PAINTINGS"}]},{"@type":"WebSite","@id":"https:\/\/tv2artgallery.com\/en\/#website","url":"https:\/\/tv2artgallery.com\/en\/","name":"TV2 Art Gallery","description":"","publisher":{"@id":"https:\/\/tv2artgallery.com\/en\/#organization"},"potentialAction":[{"@type":"SearchAction","target":{"@type":"EntryPoint","urlTemplate":"https:\/\/tv2artgallery.com\/en\/?s={search_term_string}"},"query-input":{"@type":"PropertyValueSpecification","valueRequired":true,"valueName":"search_term_string"}}],"inLanguage":"en-GB"},{"@type":"Organization","@id":"https:\/\/tv2artgallery.com\/en\/#organization","name":"TV2 Art Gallery","url":"https:\/\/tv2artgallery.com\/en\/","logo":{"@type":"ImageObject","inLanguage":"en-GB","@id":"https:\/\/tv2artgallery.com\/en\/#\/schema\/logo\/image\/","url":"https:\/\/tv2artgallery.com\/wp-content\/uploads\/2026\/03\/IMG_6867.jpeg","contentUrl":"https:\/\/tv2artgallery.com\/wp-content\/uploads\/2026\/03\/IMG_6867.jpeg","width":1149,"height":328,"caption":"TV2 Art Gallery"},"image":{"@id":"https:\/\/tv2artgallery.com\/en\/#\/schema\/logo\/image\/"},"sameAs":["https:\/\/www.facebook.com\/share\/18VnSnkrye\/?mibextid=wwXIfr","https:\/\/www.instagram.com\/tv2_art_gallery?igsh=dXg4NWV0OTF4OTJ0&utm_source=qr"]}]}},"_links":{"self":[{"href":"http:\/\/tv2artgallery.com\/en\/wp-json\/wp\/v2\/pages\/573","targetHints":{"allow":["GET"]}}],"collection":[{"href":"http:\/\/tv2artgallery.com\/en\/wp-json\/wp\/v2\/pages"}],"about":[{"href":"http:\/\/tv2artgallery.com\/en\/wp-json\/wp\/v2\/types\/page"}],"author":[{"embeddable":true,"href":"http:\/\/tv2artgallery.com\/en\/wp-json\/wp\/v2\/users\/1"}],"replies":[{"embeddable":true,"href":"http:\/\/tv2artgallery.com\/en\/wp-json\/wp\/v2\/comments?post=573"}],"version-history":[{"count":12,"href":"http:\/\/tv2artgallery.com\/en\/wp-json\/wp\/v2\/pages\/573\/revisions"}],"predecessor-version":[{"id":649,"href":"http:\/\/tv2artgallery.com\/en\/wp-json\/wp\/v2\/pages\/573\/revisions\/649"}],"wp:attachment":[{"href":"http:\/\/tv2artgallery.com\/en\/wp-json\/wp\/v2\/media?parent=573"}],"curies":[{"name":"wp","href":"https:\/\/api.w.org\/{rel}","templated":true}]}}